{"id":1348,"date":"2025-10-16T11:17:56","date_gmt":"2025-10-16T09:17:56","guid":{"rendered":"https:\/\/www.frankmendel.de\/?page_id=1348"},"modified":"2026-05-01T11:03:41","modified_gmt":"2026-05-01T09:03:41","slug":"home","status":"publish","type":"page","link":"https:\/\/www.frankmendel.de\/fr\/","title":{"rendered":"Home"},"content":{"rendered":"<div class=\"wpb-content-wrapper\">[vc_row el_id=\u00a0\u00bbabout\u00a0\u00bb][vc_column][vc_custom_heading text=\u00a0\u00bb\u00c0 propos de l&rsquo;auteur\u00a0\u00bb font_container=\u00a0\u00bbtag:h2|text_align:center|color:%23C56500&Prime; use_theme_fonts=\u00a0\u00bbyes\u00a0\u00bb css=\u00a0\u00bb\u00a0\u00bb][vc_separator color=\u00a0\u00bbcustom\u00a0\u00bb el_width=\u00a0\u00bb20&Prime; css=\u00a0\u00bb\u00a0\u00bb accent_color=\u00a0\u00bb#C56500&Prime;][vc_row_inner][vc_column_inner width=\u00a0\u00bb2\/3&Prime;][vc_column_text css=\u00a0\u00bb\u00a0\u00bb]Responsable des op\u00e9rations \u2219 Producteur \u2219 Responsable marketing \u2219 Conseiller d&rsquo;entreprise \u2219 Compositeur \u2219 Pianiste \u00a0 \u00a0 \u00a0\u2219 [Retrait\u00e9]\n<p>&nbsp;<\/p>\n<h4 id=\"contexte\">CONTEXTE<\/h4>\n<p>Apr\u00e8s avoir \u00e9tudi\u00e9 le piano et la composition \u00e0 l&rsquo;Acad\u00e9mie de musique de Mons, en Belgique,<br \/>\nainsi que les math\u00e9matiques, la philologie allemande et le marketing \u00e0 l&rsquo;universit\u00e9 de Cologne, j&rsquo;ai travaill\u00e9 d&rsquo;une part<br \/>\ncomme compositeur command\u00e9, arrangeur, producteur et pianiste dans les studios d&rsquo;enregistrement d&rsquo;EMI Music, et d&rsquo;autre part<br \/>\ncomme consultant en gestion, directeur g\u00e9n\u00e9ral, chef de marketing et associ\u00e9 d&rsquo;agences de communication \u00e0 Berlin, Francfort et Cologne.<\/p>\n<p>Aujourd&rsquo;hui, je suis retrait\u00e9 actif et j&rsquo;aide ma famille&#8230;<\/p>\n<p><a href=\"https:\/\/www.frankmendel.de\/wp-content\/uploads\/2026\/04\/Frank_Mendel_spartiti_al_pianoforte_.webp\"><img loading=\"lazy\" decoding=\"async\" class=\"alignnone size-full wp-image-1823\" src=\"https:\/\/www.frankmendel.de\/wp-content\/uploads\/2026\/04\/Frank_Mendel_spartiti_al_pianoforte_.webp\" alt=\"\" width=\"2500\" height=\"882\" srcset=\"https:\/\/www.frankmendel.de\/wp-content\/uploads\/2026\/04\/Frank_Mendel_spartiti_al_pianoforte_.webp 2500w, https:\/\/www.frankmendel.de\/wp-content\/uploads\/2026\/04\/Frank_Mendel_spartiti_al_pianoforte_-800x282.webp 800w, https:\/\/www.frankmendel.de\/wp-content\/uploads\/2026\/04\/Frank_Mendel_spartiti_al_pianoforte_-1160x409.webp 1160w, https:\/\/www.frankmendel.de\/wp-content\/uploads\/2026\/04\/Frank_Mendel_spartiti_al_pianoforte_-1536x542.webp 1536w, https:\/\/www.frankmendel.de\/wp-content\/uploads\/2026\/04\/Frank_Mendel_spartiti_al_pianoforte_-2048x723.webp 2048w, https:\/\/www.frankmendel.de\/wp-content\/uploads\/2026\/04\/Frank_Mendel_spartiti_al_pianoforte_-120x42.webp 120w, https:\/\/www.frankmendel.de\/wp-content\/uploads\/2026\/04\/Frank_Mendel_spartiti_al_pianoforte_-90x32.webp 90w, https:\/\/www.frankmendel.de\/wp-content\/uploads\/2026\/04\/Frank_Mendel_spartiti_al_pianoforte_-320x113.webp 320w, https:\/\/www.frankmendel.de\/wp-content\/uploads\/2026\/04\/Frank_Mendel_spartiti_al_pianoforte_-560x198.webp 560w, https:\/\/www.frankmendel.de\/wp-content\/uploads\/2026\/04\/Frank_Mendel_spartiti_al_pianoforte_-1920x677.webp 1920w\" sizes=\"auto, (max-width: 2500px) 100vw, 2500px\" \/><\/a><\/p>\n<p>En tant que pianiste, j&rsquo;ai donn\u00e9 plus de 2 000 concerts lors de nombreuses tourn\u00e9es sur des sc\u00e8nes allemandes, fran\u00e7aises et belges et \u00e0 la t\u00e9l\u00e9vision,<br \/>\nnotamment sur : ARD \u2219 BRF \u2219 RTL \u2219 SWR \u2219 WDR \u2219 Konzerthaus Berlin \u2219 Lanxess Arena Cologne \u2219 Westfalenhalle Dortmund \u2219 Ch\u00e2teau de Bensberg \u2219 Le Dreher Club Paris \u2219 Kempinski Munich.<\/p>\n<p>&nbsp;<\/p>\n<h4 id=\"communication-en-5-langues\">COMMUNICATION EN 5 LANGUES<\/h4>\n[ <em>clique sur le lien de ta langue<\/em> \u2013&gt; ]\n<p><a href=\"http:\/\/www.frankmendel.de\/it\"><img decoding=\"async\" class=\"qtranxs-flag\" src=\"https:\/\/www.frankmendel.de\/wp-content\/plugins\/qtranslate-xt\/flags\/it.png\" alt=\"Italiano\" \/> <span style=\"color: #cc6600;\"><u>Italiano<\/u><\/span><\/a>\u00a0 <span style=\"color: #999999;\">Sto imparando.<\/span><\/p>\n<p><a href=\"https:\/\/www.frankmendel.de\/de\"><img decoding=\"async\" class=\"qtranxs-flag\" src=\"https:\/\/www.frankmendel.de\/wp-content\/plugins\/qtranslate-xt\/flags\/de.png\" alt=\"Deutsch\" \/> <span style=\"color: #cc6600;\"><u>Deutsch<\/u> <\/span><\/a><\/p>\n<p><a href=\"http:\/\/www.frankmendel.com\"><img decoding=\"async\" class=\"qtranxs-flag\" src=\"https:\/\/www.frankmendel.de\/wp-content\/plugins\/qtranslate-xt\/flags\/gb.png\" alt=\"English\" \/> <span style=\"color: #cc6600;\"><u>English<\/u>\u00a0<\/span><\/a><\/p>\n<p><a href=\"http:\/\/www.frankmendel.de\/fr\"><img decoding=\"async\" class=\"qtranxs-flag\" src=\"https:\/\/www.frankmendel.de\/wp-content\/plugins\/qtranslate-xt\/flags\/fr.png\" alt=\"Fran\u00e7ais\" \/><span style=\"color: #cc6600;\"> <u><strong>Fran\u00e7ais<\/strong><\/u><\/span><\/a><\/p>\n<p><span style=\"color: #cc6600;\"><a style=\"color: #cc6600;\" href=\"http:\/\/www.pianista.live\" target=\"_blank\" rel=\"noopener\"><img loading=\"lazy\" decoding=\"async\" class=\"alignnone wp-image-1489\" src=\"https:\/\/www.frankmendel.de\/wp-content\/uploads\/2025\/10\/c_1989_tasti_del_pianoforte_di_Frank_Mendel-scaled.png\" alt=\"(c) 1989_tasti_del_pianoforte_di_Frank_Mendel\" width=\"36\" height=\"36\" srcset=\"https:\/\/www.frankmendel.de\/wp-content\/uploads\/2025\/10\/c_1989_tasti_del_pianoforte_di_Frank_Mendel-scaled.png 2560w, https:\/\/www.frankmendel.de\/wp-content\/uploads\/2025\/10\/c_1989_tasti_del_pianoforte_di_Frank_Mendel-800x800.png 800w, https:\/\/www.frankmendel.de\/wp-content\/uploads\/2025\/10\/c_1989_tasti_del_pianoforte_di_Frank_Mendel-1160x1160.png 1160w, https:\/\/www.frankmendel.de\/wp-content\/uploads\/2025\/10\/c_1989_tasti_del_pianoforte_di_Frank_Mendel-1536x1536.png 1536w, https:\/\/www.frankmendel.de\/wp-content\/uploads\/2025\/10\/c_1989_tasti_del_pianoforte_di_Frank_Mendel-2048x2048.png 2048w, https:\/\/www.frankmendel.de\/wp-content\/uploads\/2025\/10\/c_1989_tasti_del_pianoforte_di_Frank_Mendel-80x80.png 80w, https:\/\/www.frankmendel.de\/wp-content\/uploads\/2025\/10\/c_1989_tasti_del_pianoforte_di_Frank_Mendel-120x120.png 120w, https:\/\/www.frankmendel.de\/wp-content\/uploads\/2025\/10\/c_1989_tasti_del_pianoforte_di_Frank_Mendel-90x90.png 90w, https:\/\/www.frankmendel.de\/wp-content\/uploads\/2025\/10\/c_1989_tasti_del_pianoforte_di_Frank_Mendel-320x320.png 320w, https:\/\/www.frankmendel.de\/wp-content\/uploads\/2025\/10\/c_1989_tasti_del_pianoforte_di_Frank_Mendel-560x560.png 560w, https:\/\/www.frankmendel.de\/wp-content\/uploads\/2025\/10\/c_1989_tasti_del_pianoforte_di_Frank_Mendel-1920x1920.png 1920w\" sizes=\"auto, (max-width: 36px) 100vw, 36px\" \/><\/a> <a style=\"color: #cc6600;\" href=\"https:\/\/www.frankmendel.de\/fr\/2026\/04\/26\/compositore_pianista_dal_vivo_in_umbria\/\" target=\"_blank\" rel=\"noopener\"><u>Pianista dal vivo<\/u><\/a><\/span>\u00a0<span style=\"color: #999999;\">L&rsquo;energia delle emozioni.<\/span><\/p>\n<p><a href=\"https:\/\/www.frankmendel.de\/wp-content\/uploads\/2015\/10\/09___fotolia_82826681_welt_03.jpg\"><img loading=\"lazy\" decoding=\"async\" class=\"alignnone size-full wp-image-779\" src=\"https:\/\/www.frankmendel.de\/wp-content\/uploads\/2015\/10\/09___fotolia_82826681_welt_03.jpg\" alt=\"\" width=\"849\" height=\"566\" srcset=\"https:\/\/www.frankmendel.de\/wp-content\/uploads\/2015\/10\/09___fotolia_82826681_welt_03.jpg 849w, https:\/\/www.frankmendel.de\/wp-content\/uploads\/2015\/10\/09___fotolia_82826681_welt_03-300x200.jpg 300w, https:\/\/www.frankmendel.de\/wp-content\/uploads\/2015\/10\/09___fotolia_82826681_welt_03-345x230.jpg 345w, https:\/\/www.frankmendel.de\/wp-content\/uploads\/2015\/10\/09___fotolia_82826681_welt_03-410x273.jpg 410w\" sizes=\"auto, (max-width: 849px) 100vw, 849px\" \/><\/a><\/p>\n<h3 id=\"campagnes-de-communication-cross-media\">CAMPAGNES DE COMMUNICATION CROSS-M\u00c9DIA<\/h3>\n<p>dans les domaines suivants : \u2219 Marques \u2219 M\u00e9dias \u2219 Musique \u2219 Film \u2219 Sport \u2219 Production industrielle \u2219 Immobilier \u2219 Gestion de la qualit\u00e9 \u2219 Marketing \u2219 Vente \u2219 D\u00e9veloppement de notori\u00e9t\u00e9 \u2219 D\u00e9veloppement de marque \u2219 Innovation<\/p>\n<h4 id=\"domaines-dexpertise\">DOMAINES D\u2018EXPERTISE<\/h4>\n<p>Infotainment cross-m\u00e9dia \u2219 Cr\u00e9ation \u2219 Interaction \u2219 Pens\u00e9e \u00ab\u00a0out-of-the-box\u00a0\u00bb \u2219 Storytelling \u2219 Ing\u00e9nierie narrative \u2219 Fiction \/ Non-fiction \u2219 Ghostwriting \u2219 Design \u2219 Conception \u2219 Gestion de contenu \u2219 Direction de production \u2219 Suivi \u2219 Analyse \u2219 Pilotage<\/p>\n<p>Conseil \u2219 Partenariats m\u00e9dias \u2219 Coop\u00e9rations marketing \u2219 Alliances strat\u00e9giques \u2219 \u00c9v\u00e9nements strat\u00e9giques \u2219 Mise en \u0153uvre op\u00e9rationnelle \u2219 Pilotage de prestataires internes et externes \u2219 Conseil en entreprise \u2219 Interm\u00e9diation \u2219 Coaching<\/p>\n<h4 id=\"utilisation-transversale-de-tous-les-outils-de-communication-et-marketing\">UTILISATION TRANSVERSALE DE TOUS LES OUTILS DE COMMUNICATION ET MARKETING<\/h4>\n<p>20 ans d\u2019exp\u00e9rience en agence \u2219 en ligne \u2219 hors ligne \u2219 BTL \u2219 ATL \u2219 CRM \u2219 CMS \u2219 SEO \u2219 SEA \u2219 M\u00e9dias num\u00e9riques \u2219 R\u00e9seaux sociaux \u2219 M\u00e9dias mobiles \u2219 \u00c9v\u00e9nements (20 \u00e0 120 000 participants) \u2219 Vid\u00e9o \u2219 Cin\u00e9ma \u2219 TV \u2219 Radio \u2219 Print \u2219 Presse \u2219 OoH \u2219 PoS \u2219 R\u00e8glement g\u00e9n\u00e9ral sur la protection des donn\u00e9es (RGPD)<\/p>\n<h4 id=\"clients-et-partenaires\">CLIENTS ET PARTENAIRES<\/h4>\n<p><strong>Issus de l\u2019industrie, du commerce, des m\u00e9dias, des services, des banques, de l\u2019\u00e9ducation, des associations, de la culture, de l\u2019administration et de la politique.<\/strong><\/p>\n<p>\u2219 ADAC \u2219 Axel Springer \u2219 Bethmann Bank \u2219 BMW \u2219 Citro\u00ebn \u2219 DB (Deutsche Bahn) \u2219 Deutsche Telekom \u2219 Diebels \u2219 DuMont Mediengruppe \u2219 EMI Music \u2219 Groupe SEB \u2219 Hochschule Fresenius \u2219 Kontor New Media \u2219 Parlement de Rh\u00e9nanie-du-Nord\u2013Westphalie \u2219 La Vanguardia \u2219 MediaMarkt \u2219 MLP \u2219 Radeberger Gruppe \u2219 Roche \u2219 RTL \u2219 SAP \u2219 Saturn \u2219 Ch\u00e2teau de Bensberg \u2219 Siemens \u2219 Sony Music \u2219 Sparkasse K\u00f6lnBonn \u2219 Ville de D\u00fcsseldorf \u2219 Ville de Cologne \u2219 T-Mobile \u2219 TV3 \u2219 Universal Music \u2219 Universit\u00e9 de Mannheim \u2219 Vapiano \u2219 VRS \u2219 VW \u2219 WDR \u2219 Minist\u00e8re de l\u2019\u00c9conomie du Bade-Wurtemberg \u2219 ZDF<\/p>\n<p><a href=\"https:\/\/www.frankmendel.de\/wp-content\/uploads\/2015\/10\/05___fotolia_94807577_welt_05.jpg\"><img loading=\"lazy\" decoding=\"async\" class=\"alignnone size-full wp-image-778\" src=\"https:\/\/www.frankmendel.de\/wp-content\/uploads\/2015\/10\/05___fotolia_94807577_welt_05.jpg\" alt=\"\" width=\"848\" height=\"430\" srcset=\"https:\/\/www.frankmendel.de\/wp-content\/uploads\/2015\/10\/05___fotolia_94807577_welt_05.jpg 848w, https:\/\/www.frankmendel.de\/wp-content\/uploads\/2015\/10\/05___fotolia_94807577_welt_05-300x152.jpg 300w, https:\/\/www.frankmendel.de\/wp-content\/uploads\/2015\/10\/05___fotolia_94807577_welt_05-454x230.jpg 454w, https:\/\/www.frankmendel.de\/wp-content\/uploads\/2015\/10\/05___fotolia_94807577_welt_05-410x208.jpg 410w\" sizes=\"auto, (max-width: 848px) 100vw, 848px\" \/><\/a><\/p>\n<h4 id=\"contacts-personnels\">CONTACTS PERSONNELS<\/h4>\n<p><strong>Un vaste r\u00e9seau international solide dans les domaines suivants :<\/strong><\/p>\n<p>\u2219 M\u00e9dias \u2219 Internet \u2219 e-commerce \u2219 FinTech \u2219 T\u00e9l\u00e9vision \u2219 Radio \u2219 Presse \u2219 Commerce \u2219 Industrie \u2219 Banques \u2219 Politique \u2219 Divertissement \u2219 Arts[\/vc_column_text][\/vc_column_inner][vc_column_inner width=\u00a0\u00bb1\/3&Prime;][vc_single_image image=\u00a0\u00bb170&Prime; img_size=\u00a0\u00bbfull\u00a0\u00bb alignment=\u00a0\u00bbcenter\u00a0\u00bb style=\u00a0\u00bbvc_box_shadow_3d\u00a0\u00bb css=\u00a0\u00bb\u00a0\u00bb][\/vc_column_inner][\/vc_row_inner][\/vc_column][\/vc_row][vc_row][vc_column][vc_custom_heading text=\u00a0\u00bbLe contact\u00a0\u00bb font_container=\u00a0\u00bbtag:h2|text_align:center|color:%23C56500&Prime; use_theme_fonts=\u00a0\u00bbyes\u00a0\u00bb css=\u00a0\u00bb\u00a0\u00bb][vc_separator color=\u00a0\u00bbcustom\u00a0\u00bb el_width=\u00a0\u00bb20&Prime; css=\u00a0\u00bb\u00a0\u00bb accent_color=\u00a0\u00bb#C56500&Prime;][vc_row_inner][vc_column_inner width=\u00a0\u00bb1\/2&Prime;][vc_column_text css=\u00a0\u00bb.vc_custom_1760617814360{margin-bottom: 1em !important;}\u00a0\u00bb]\n<h4 id=\"reseaux-sociaux\" style=\"text-align: right;\"><span style=\"color: #c56300;\">R\u00e9seaux sociaux<\/span><\/h4>\n[\/vc_column_text][vc_icon icon_fontawesome=\u00a0\u00bbfa fa-brands fa-linkedin\u00a0\u00bb color=\u00a0\u00bbwhite\u00a0\u00bb background_style=\u00a0\u00bbboxed\u00a0\u00bb background_color=\u00a0\u00bbblue\u00a0\u00bb size=\u00a0\u00bbxs\u00a0\u00bb align=\u00a0\u00bbright\u00a0\u00bb css=\u00a0\u00bb.vc_custom_1760608407195{margin-bottom: 1em !important;}\u00a0\u00bb link=\u00a0\u00bburl:https%3A%2F%2Fwww.linkedin.com%2Fin%2Ffrankmendel%2F|title:LinkedIn\u00a0\u00bb][vc_icon icon_fontawesome=\u00a0\u00bbfa fa-solid fa-envelope\u00a0\u00bb color=\u00a0\u00bbwhite\u00a0\u00bb background_style=\u00a0\u00bbboxed\u00a0\u00bb background_color=\u00a0\u00bbturquoise\u00a0\u00bb size=\u00a0\u00bbxs\u00a0\u00bb align=\u00a0\u00bbright\u00a0\u00bb css=\u00a0\u00bb.vc_custom_1760608444461{margin-bottom: 1em !important;}\u00a0\u00bb link=\u00a0\u00bburl:mailto%3Ainfo%40frankmendel.de|title:E-Mail\u00a0\u00bb][vc_icon icon_fontawesome=\u00a0\u00bbfa fa-brands fa-xing\u00a0\u00bb color=\u00a0\u00bbwhite\u00a0\u00bb background_style=\u00a0\u00bbboxed\u00a0\u00bb background_color=\u00a0\u00bbcustom\u00a0\u00bb size=\u00a0\u00bbxs\u00a0\u00bb align=\u00a0\u00bbright\u00a0\u00bb css=\u00a0\u00bb.vc_custom_1760608449851{margin-bottom: 1em !important;}\u00a0\u00bb link=\u00a0\u00bburl:https%3A%2F%2Fwww.xing.com%2Fprofile%2FFrank_Mendel2|title:XING\u00a0\u00bb custom_background_color=\u00a0\u00bb#DBE44A\u00a0\u00bb][\/vc_column_inner][vc_column_inner width=\u00a0\u00bb1\/2&Prime;][vc_column_text css=\u00a0\u00bb\u00a0\u00bb]\n<h4 id=\"cordonnees\" style=\"text-align: left;\"><span style=\"color: #c56300;\">Cordonn\u00e9es<\/span><\/h4>\n<p style=\"text-align: left;\"><i class=\"fa fa-user\"><\/i><strong> Frank Mendel<\/strong><\/p>\n<p style=\"text-align: left;\"><i class=\"fa fa-phone\"><\/i>+49 151 253 66 999<\/p>\n<p style=\"text-align: left;\"><i class=\"fa fa-map-marker\"><\/i> Engertsweg 21 \/\/\/ D-53902 Bad M\u00fcnstereifel (R\u00e9gion de Cologne)<\/p>\n<p style=\"text-align: left;\"><i class=\"fa fa-envelope\"><\/i> <a href=\"mailto:info@frankmendel.de\">info@frankmendel.de<\/a><\/p>\n[\/vc_column_text][\/vc_column_inner][\/vc_row_inner][\/vc_column][\/vc_row][vc_row full_width=\u00a0\u00bbstretch_row_content_no_spaces\u00a0\u00bb equal_height=\u00a0\u00bbyes\u00a0\u00bb content_placement=\u00a0\u00bbmiddle\u00a0\u00bb parallax=\u00a0\u00bbcontent-moving\u00a0\u00bb parallax_image=\u00a0\u00bb74&Prime; min_height=\u00a0\u00bb680&Prime;][vc_column][vc_column_text css=\u00a0\u00bb\u00a0\u00bb]\n<h2 id=\"faconner-lavenir\" style=\"text-align: center;\"><span style=\"color: #c56500;\">Fa\u00e7onner l&rsquo;avenir<\/span><\/h2>\n<h2 id=\"faconner-lavenir-2\" style=\"text-align: center;\"><span style=\"color: #ffffff;\">Fa\u00e7onner l&rsquo;avenir<\/span><\/h2>\n[\/vc_column_text][\/vc_column][\/vc_row][vc_row el_id=\u00a0\u00bbblog\u00a0\u00bb][vc_column][vc_custom_heading text=\u00a0\u00bbLe Blog\u00a0\u00bb font_container=\u00a0\u00bbtag:h2|text_align:center|color:%23C56500&Prime; use_theme_fonts=\u00a0\u00bbyes\u00a0\u00bb css=\u00a0\u00bb\u00a0\u00bb][vc_separator color=\u00a0\u00bbcustom\u00a0\u00bb el_width=\u00a0\u00bb20&Prime; css=\u00a0\u00bb\u00a0\u00bb accent_color=\u00a0\u00bb#C56500&Prime;][vc_row_inner][vc_column_inner width=\u00a0\u00bb2\/3&Prime;][vc_basic_grid post_type=\u00a0\u00bbpost\u00a0\u00bb max_items=\u00a0\u00bb10&Prime; element_width=\u00a0\u00bb12&Prime; css=\u00a0\u00bb\u00a0\u00bb grid_id=\u00a0\u00bbvc_gid:1777626196210-e4e10b9c-f029-2&Prime;][\/vc_column_inner][vc_column_inner width=\u00a0\u00bb1\/3&Prime;][vc_widget_sidebar sidebar_id=\u00a0\u00bbsidebar-main\u00a0\u00bb][\/vc_column_inner][\/vc_row_inner][\/vc_column][\/vc_row][vc_row full_width=\u00a0\u00bbstretch_row_content\u00a0\u00bb equal_height=\u00a0\u00bbyes\u00a0\u00bb content_placement=\u00a0\u00bbmiddle\u00a0\u00bb parallax=\u00a0\u00bbcontent-moving\u00a0\u00bb parallax_image=\u00a0\u00bb1310&Prime; min_height=\u00a0\u00bb680&Prime;][vc_column][vc_column_text css=\u00a0\u00bb\u00a0\u00bb]\n<section id=\"parallax-sections-32\" class=\"parallax parallax-sections-32 \" data-parallax-speed=\"0.3\">\n<div class=\"container message\">\n<h4 id=\"danke-fuers-lesen-kommentare-ausdruecklich-erwuenscht\" style=\"text-align: center;\"><span id=\"merci-de-votre-lecture-vos-commentaires-sont-les-bienvenus\"><span style=\"color: #ffffff;\">Merci de votre lecture. Vos commentaires sont les bienvenus.<\/span><\/span><\/h4>\n<\/div>\n<\/section>\n[\/vc_column_text][\/vc_column][\/vc_row][vc_row el_id=\u00a0\u00bbkontakt\u00a0\u00bb][vc_column][vc_custom_heading text=\u00a0\u00bbLe contact\u00a0\u00bb font_container=\u00a0\u00bbtag:h2|text_align:center|color:%23C56500&Prime; use_theme_fonts=\u00a0\u00bbyes\u00a0\u00bb css=\u00a0\u00bb\u00a0\u00bb][vc_separator color=\u00a0\u00bbcustom\u00a0\u00bb el_width=\u00a0\u00bb20&Prime; css=\u00a0\u00bb\u00a0\u00bb accent_color=\u00a0\u00bb#C56500&Prime;][vc_row_inner][vc_column_inner width=\u00a0\u00bb1\/2&Prime;][vc_column_text css=\u00a0\u00bb.vc_custom_1760617814360{margin-bottom: 1em !important;}\u00a0\u00bb]\n<h4 id=\"reseaux-sociaux-2\" style=\"text-align: right;\"><span style=\"color: #c56300;\">R\u00e9seaux sociaux<\/span><\/h4>\n[\/vc_column_text][vc_icon icon_fontawesome=\u00a0\u00bbfa fa-brands fa-linkedin\u00a0\u00bb color=\u00a0\u00bbwhite\u00a0\u00bb background_style=\u00a0\u00bbboxed\u00a0\u00bb background_color=\u00a0\u00bbblue\u00a0\u00bb size=\u00a0\u00bbxs\u00a0\u00bb align=\u00a0\u00bbright\u00a0\u00bb css=\u00a0\u00bb.vc_custom_1760608407195{margin-bottom: 1em !important;}\u00a0\u00bb link=\u00a0\u00bburl:https%3A%2F%2Fwww.linkedin.com%2Fin%2Ffrankmendel%2F|title:LinkedIn\u00a0\u00bb][vc_icon icon_fontawesome=\u00a0\u00bbfa fa-solid fa-envelope\u00a0\u00bb color=\u00a0\u00bbwhite\u00a0\u00bb background_style=\u00a0\u00bbboxed\u00a0\u00bb background_color=\u00a0\u00bbturquoise\u00a0\u00bb size=\u00a0\u00bbxs\u00a0\u00bb align=\u00a0\u00bbright\u00a0\u00bb css=\u00a0\u00bb.vc_custom_1760608444461{margin-bottom: 1em !important;}\u00a0\u00bb link=\u00a0\u00bburl:mailto%3Ainfo%40frankmendel.de|title:E-Mail\u00a0\u00bb][vc_icon icon_fontawesome=\u00a0\u00bbfa fa-brands fa-xing\u00a0\u00bb color=\u00a0\u00bbwhite\u00a0\u00bb background_style=\u00a0\u00bbboxed\u00a0\u00bb background_color=\u00a0\u00bbcustom\u00a0\u00bb size=\u00a0\u00bbxs\u00a0\u00bb align=\u00a0\u00bbright\u00a0\u00bb css=\u00a0\u00bb.vc_custom_1760608449851{margin-bottom: 1em !important;}\u00a0\u00bb link=\u00a0\u00bburl:https%3A%2F%2Fwww.xing.com%2Fprofile%2FFrank_Mendel2|title:XING\u00a0\u00bb custom_background_color=\u00a0\u00bb#DBE44A\u00a0\u00bb][\/vc_column_inner][vc_column_inner width=\u00a0\u00bb1\/2&Prime;][vc_column_text css=\u00a0\u00bb\u00a0\u00bb]\n<h4 id=\"cordonnees-2\" style=\"text-align: left;\"><span style=\"color: #c56300;\">Cordonn\u00e9es<\/span><\/h4>\n<p style=\"text-align: left;\"><i class=\"fa fa-user\"><\/i><strong> Frank Mendel<\/strong><\/p>\n<p style=\"text-align: left;\"><i class=\"fa fa-phone\"><\/i>+49 151 253 66 999<\/p>\n<p style=\"text-align: left;\"><i class=\"fa fa-map-marker\"><\/i> Engertsweg 21 \/\/\/ D-53902 Bad M\u00fcnstereifel (Region K\u00f6ln)<\/p>\n<p style=\"text-align: left;\"><i class=\"fa fa-envelope\"><\/i> <a href=\"mailto:info@frankmendel.de\">info@frankmendel.de<\/a><\/p>\n[\/vc_column_text][\/vc_column_inner][\/vc_row_inner][\/vc_column][\/vc_row]\n<\/div>","protected":false},"excerpt":{"rendered":"<p>[vc_row el_id=\u00a0\u00bbabout\u00a0\u00bb][vc_column][vc_custom_heading text=\u00a0\u00bb\u00c0 propos de l&rsquo;auteur\u00a0\u00bb font_container=\u00a0\u00bbtag:h2|text_align:center|color:%23C56500&Prime; use_theme_fonts=\u00a0\u00bbyes\u00a0\u00bb css=\u00a0\u00bb\u00a0\u00bb][vc_separator color=\u00a0\u00bbcustom\u00a0\u00bb el_width=\u00a0\u00bb20&Prime; css=\u00a0\u00bb\u00a0\u00bb accent_color=\u00a0\u00bb#C56500&Prime;][vc_row_inner][vc_column_inner width=\u00a0\u00bb2\/3&Prime;][vc_column_text css=\u00a0\u00bb\u00a0\u00bb]Responsable des op\u00e9rations \u2219 Producteur \u2219 Responsable marketing \u2219 Conseiller d&rsquo;entreprise \u2219 Compositeur \u2219 Pianiste \u00a0&hellip;<\/p>\n","protected":false},"author":7,"featured_media":0,"parent":0,"menu_order":0,"comment_status":"closed","ping_status":"closed","template":"","meta":{"footnotes":""},"class_list":["post-1348","page","type-page","status-publish"],"_links":{"self":[{"href":"https:\/\/www.frankmendel.de\/fr\/wp-json\/wp\/v2\/pages\/1348","targetHints":{"allow":["GET"]}}],"collection":[{"href":"https:\/\/www.frankmendel.de\/fr\/wp-json\/wp\/v2\/pages"}],"about":[{"href":"https:\/\/www.frankmendel.de\/fr\/wp-json\/wp\/v2\/types\/page"}],"author":[{"embeddable":true,"href":"https:\/\/www.frankmendel.de\/fr\/wp-json\/wp\/v2\/users\/7"}],"replies":[{"embeddable":true,"href":"https:\/\/www.frankmendel.de\/fr\/wp-json\/wp\/v2\/comments?post=1348"}],"version-history":[{"count":10,"href":"https:\/\/www.frankmendel.de\/fr\/wp-json\/wp\/v2\/pages\/1348\/revisions"}],"predecessor-version":[{"id":2027,"href":"https:\/\/www.frankmendel.de\/fr\/wp-json\/wp\/v2\/pages\/1348\/revisions\/2027"}],"wp:attachment":[{"href":"https:\/\/www.frankmendel.de\/fr\/wp-json\/wp\/v2\/media?parent=1348"}],"curies":[{"name":"wp","href":"https:\/\/api.w.org\/{rel}","templated":true}]}}